{"id":23309,"date":"2020-02-26T16:00:14","date_gmt":"2020-02-26T14:50:14","guid":{"rendered":"https:\/\/www.italcaffe.it\/product\/cafe-en-grains-100-arabica-guatemala-4x250g-italcaffe-espresso-bar\/"},"modified":"2022-06-30T08:46:41","modified_gmt":"2022-06-30T07:46:41","slug":"cafe-grains-arabica-guatemala-italcaffe-espresso-250g","status":"publish","type":"product","link":"https:\/\/italcaffe.it\/fr\/shop\/cafe-grain\/arabica\/cafe-grains-arabica-guatemala-italcaffe-espresso-250g\/","title":{"rendered":"Caf\u00e9 en Grains 100% Arabica Guatemala 250g Italcaff\u00e8 Espresso"},"content":{"rendered":"<h2 style=\"font-size: 20px;\">LES CARACT\u00c9RISTIQUES DE CAF\u00c9 GUATEMALA\u00a0 ARABICA\u00a0EN GRAINS POUR EXPRESSO<\/h2>\n<p>Caf\u00e9 Grains Arabica <a href=\"https:\/\/youtu.be\/_qaM4cDRZxo\">Guat\u00e9mala<\/a>\u00a0<a href=\"https:\/\/www.italcaffe.it\/fr\/histoire\/\" target=\"_blank\" rel=\"noopener\">Italcaff\u00e8<\/a> Espresso d&#8217;origine unique.<br \/>\nCaf\u00e8 Expresso au corps moyen et dont l\u2019acidit\u00e9 a des aromes li\u00e9s aux fruits frais (peches et figues) et \u00e0 de l\u00e9g\u00e8res senteurs florales.<\/p>\n<p>En arri\u00e8re\u2013gout de Caf\u00e9 Grains Arabica Guatemala se per\u00e7oivent des notes de cacao et d\u2019amande fraiche.<\/p>\n<p>Pour Caf\u00e9 grains Arabica <a href=\"https:\/\/youtu.be\/_qaM4cDRZxo\">Guat\u00e9mala<\/a>\u00a0<a href=\"https:\/\/www.italcaffe.it\/fr\/histoire\/\" target=\"_blank\" rel=\"noopener\">Italcaff\u00e8<\/a>\u00a0nous avons s\u00e9lectionn\u00e9 uniquement du caf\u00e9 Guatemala de haute qualit\u00e9.<\/p>\n<p>Il s&#8217;agit d&#8217;un paquet de 250g scell\u00e9 sur quatre c\u00f4t\u00e9s, conditionn\u00e9 sous atmosph\u00e8re protectrice et avec une valve monodirectionnelle de garantie d\u2019ar\u00f4me.<br \/>\nId\u00e9al pour conserver le go\u00fbt et la fra\u00eecheur des grains de caf\u00e9.<\/p>\n<p>Ces caract\u00e9ristiques garantissent une meilleure conservation dans le temps ainsi qu&#8217;une meilleure qualit\u00e9 du produit par rapport\u00a0aux paquets de caf\u00e9 habituels que vous trouvez sur le march\u00e9.<\/p>\n<p>Cultiv\u00e9 \u00e0 1300 mt dans un microclimat parfait et torr\u00e9fi\u00e9 en Italie, ce caf\u00e9 a des notes de fruits et de chocolat, pour un espresso avec une acidit\u00e9 mod\u00e9r\u00e9e.<\/p>\n<h2 style=\"font-size: 20px;\">UN BREF REGARD SUR ITALCAFF\u00c8<\/h2>\n<p>Italcaff\u00e8 S.p.A. est une industrie de torr\u00e9faction de caf\u00e9 avec une usine et des bureaux \u00e0 La Spezia en Italie, la patrie du v\u00e9ritable espresso italien.<\/p>\n<p>L&#8217;entreprise a \u00e9t\u00e9 fond\u00e9e en 1969 et poss\u00e8de plus de 40 ans d&#8217;exp\u00e9rience dans la torr\u00e9faction et le m\u00e9lange de caf\u00e9s fins.<\/p>\n<p>Nous parcourons le monde pour s\u00e9lectionner les meilleures qualit\u00e9s de caf\u00e9 pour nos clients.<\/p>\n<p>Notre m\u00e9tier consiste \u00e0 importer du caf\u00e9 vert directement des march\u00e9s d&#8217;origine.<\/p>\n<p>Apr\u00e8s cela, avec passion, exp\u00e9rience et comp\u00e9tence, nous transformons la mati\u00e8re premi\u00e8re en m\u00e9langes pr\u00e9cieux au go\u00fbt unique et incomparable.<\/p>\n<p>De plus, la fiabilit\u00e9 de l&#8217;ensemble du processus de fabrication Italcaff\u00e8 est garantie par la certification de qualit\u00e9 UNI EN ISO 9001\u00a0: 2015.<\/p>\n<p>C&#8217;est pourquoi nous nous sommes toujours engag\u00e9s \u00e0 apporter l&#8217;ar\u00f4me du vrai caf\u00e9 expresso italien en Italie et dans le monde, \u00e0 la maison et au bar.<\/p>\n<p>Que vous soyez un professionnel du bar ou un amateur de bon caf\u00e9, Italcaff\u00e8 a le bon m\u00e9lange pour vous.<\/p>\n<p>Acheter en ligne. Maintenant, l&#8217;ar\u00f4me d&#8217;Italcaff\u00e8 peut \u00eatre appr\u00e9ci\u00e9 par tout le monde.<\/p>\n<p>&nbsp;<\/p>\n","protected":false},"excerpt":{"rendered":"<p style=\"text-align: justify;\">Caf\u00e9 grains Arabica <a href=\"https:\/\/youtu.be\/_qaM4cDRZxo\">Guat\u00e9mala<\/a>\u00a0<a href=\"https:\/\/www.italcaffe.it\/fr\/histoire\/\" target=\"_blank\" rel=\"noopener\">Italcaff\u00e8<\/a> Espresso d&#8217;origine unique.<br \/>\nCaf\u00e8 Expresso au corps moyen et dont l\u2019acidit\u00e9 a des aromes li\u00e9s aux fruits frais (peches et figues) et \u00e0 de l\u00e9g\u00e8res senteurs florales. Caf\u00e8 Expresso au corps moyen et dont l\u2019acidit\u00e9 a des aromes li\u00e9s aux fruits frais (peches et figues) et \u00e0 de l\u00e9g\u00e8res senteurs florales. En arri\u00e8re \u2013gout se per\u00e7oivent des notes de cacao et d\u2019amande fraiche. Pour Caf\u00e9 Espresso en grains 100% Arabica <a href=\"https:\/\/www.italcaffe.it\/fr\/histoire\/\" target=\"_blank\" rel=\"noopener\">Italcaff\u00e8<\/a> <a href=\"https:\/\/youtu.be\/_qaM4cDRZxo\" target=\"_blank\" rel=\"noopener\">d&#8217;origine unique Guat\u00e9mala<\/a>. nous avons s\u00e9lectionn\u00e9 uniquement du caf\u00e9 Guatemala de haute qualit\u00e9.\u00a0Il s&#8217;agit d&#8217;un\u00a0paquet\u00a0de 250g scell\u00e9\u00a0sur quatre c\u00f4t\u00e9s,\u00a0conditionn\u00e9 sous atmosph\u00e8re protectrice et avec une valve monodirectionnelle de garantie d\u2019ar\u00f4me,\u00a0id\u00e9al pour conserver le go\u00fbt et la fra\u00eecheur des grains de caf\u00e9.\u00a0Ces caract\u00e9ristiques garantissent une meilleure conservation dans le temps ainsi qu&#8217;une meilleure qualit\u00e9 du produit par rapport\u00a0aux paquets de caf\u00e9 habituels que vous trouvez sur le march\u00e9.<\/p>\n","protected":false},"featured_media":28617,"template":"","meta":{"_acf_changed":false},"product_brand":[],"product_cat":[299,315],"product_tag":[410,400,403,399,473,338,401],"class_list":{"0":"post-23309","1":"product","2":"type-product","3":"status-publish","4":"has-post-thumbnail","6":"product_cat-cafe-grain","7":"product_cat-arabica","8":"product_tag-arabica-fr","9":"product_tag-cafe-fr","10":"product_tag-espresso-fr","11":"product_tag-expresso-fr","12":"product_tag-grains","13":"product_tag-guatemala","14":"product_tag-italcaffe-fr","15":"pa_formato-grani-4-formato-250gr","16":"pa_tipologia-monorigine","18":"first","19":"instock","20":"taxable","21":"shipping-taxable","22":"product-type-grouped"},"acf":[],"yoast_head":"<!-- This site is optimized with the Yoast SEO plugin v27.0 - https:\/\/yoast.com\/product\/yoast-seo-wordpress\/ -->\n<title>Caf\u00e9 Grains Arabica Guatemala 250g Italcaff\u00e8 Espresso Pur Origine<\/title>\n<meta name=\"description\" content=\"Caf\u00e9 Grains Arabica Guatemala 100% Arabica Espresso pur origine au corps moyen et dont l\u2019acidit\u00e9 a des aromes li\u00e9s aux fruits frais. Expresso\" \/>\n<meta name=\"robots\" content=\"index, follow, max-snippet:-1, max-image-preview:large, max-video-preview:-1\" \/>\n<link rel=\"canonical\" href=\"https:\/\/italcaffe.it\/fr\/shop\/cafe-grain\/arabica\/cafe-grains-arabica-guatemala-italcaffe-espresso-250g\/\" \/>\n<meta property=\"og:locale\" content=\"fr_FR\" \/>\n<meta property=\"og:type\" content=\"article\" \/>\n<meta property=\"og:title\" content=\"Caf\u00e9 Grains Arabica Guatemala 250g Italcaff\u00e8 Espresso Pur Origine\" \/>\n<meta property=\"og:description\" content=\"Caf\u00e9 Grains Arabica Guatemala 100% Arabica Espresso pur origine au corps moyen et dont l\u2019acidit\u00e9 a des aromes li\u00e9s aux fruits frais. Expresso\" \/>\n<meta property=\"og:url\" content=\"https:\/\/italcaffe.it\/fr\/shop\/cafe-grain\/arabica\/cafe-grains-arabica-guatemala-italcaffe-espresso-250g\/\" \/>\n<meta property=\"og:site_name\" content=\"Italcaff\u00e8\" \/>\n<meta property=\"article:modified_time\" content=\"2022-06-30T07:46:41+00:00\" \/>\n<meta property=\"og:image\" content=\"https:\/\/italcaffe.it\/wp-content\/uploads\/2021\/12\/Guatemala250g.jpg\" \/>\n\t<meta property=\"og:image:width\" content=\"825\" \/>\n\t<meta property=\"og:image:height\" content=\"1000\" \/>\n\t<meta property=\"og:image:type\" content=\"image\/jpeg\" \/>\n<meta name=\"twitter:card\" content=\"summary_large_image\" \/>\n<meta name=\"twitter:label1\" content=\"Dur\u00e9e de lecture estim\u00e9e\" \/>\n\t<meta name=\"twitter:data1\" content=\"2 minutes\" \/>\n<script type=\"application\/ld+json\" class=\"yoast-schema-graph\">{\"@context\":\"https:\/\/schema.org\",\"@graph\":[{\"@type\":\"WebPage\",\"@id\":\"https:\/\/italcaffe.it\/fr\/shop\/cafe-grain\/arabica\/cafe-grains-arabica-guatemala-italcaffe-espresso-250g\/\",\"url\":\"https:\/\/italcaffe.it\/fr\/shop\/cafe-grain\/arabica\/cafe-grains-arabica-guatemala-italcaffe-espresso-250g\/\",\"name\":\"Caf\u00e9 Grains Arabica Guatemala 250g Italcaff\u00e8 Espresso Pur Origine\",\"isPartOf\":{\"@id\":\"https:\/\/italcaffe.it\/fr\/#website\"},\"primaryImageOfPage\":{\"@id\":\"https:\/\/italcaffe.it\/fr\/shop\/cafe-grain\/arabica\/cafe-grains-arabica-guatemala-italcaffe-espresso-250g\/#primaryimage\"},\"image\":{\"@id\":\"https:\/\/italcaffe.it\/fr\/shop\/cafe-grain\/arabica\/cafe-grains-arabica-guatemala-italcaffe-espresso-250g\/#primaryimage\"},\"thumbnailUrl\":\"https:\/\/italcaffe.it\/wp-content\/uploads\/2021\/12\/Guatemala250g.jpg\",\"datePublished\":\"2020-02-26T14:50:14+00:00\",\"dateModified\":\"2022-06-30T07:46:41+00:00\",\"description\":\"Caf\u00e9 Grains Arabica Guatemala 100% Arabica Espresso pur origine au corps moyen et dont l\u2019acidit\u00e9 a des aromes li\u00e9s aux fruits frais. Expresso\",\"breadcrumb\":{\"@id\":\"https:\/\/italcaffe.it\/fr\/shop\/cafe-grain\/arabica\/cafe-grains-arabica-guatemala-italcaffe-espresso-250g\/#breadcrumb\"},\"inLanguage\":\"fr-FR\",\"potentialAction\":[{\"@type\":\"ReadAction\",\"target\":[\"https:\/\/italcaffe.it\/fr\/shop\/cafe-grain\/arabica\/cafe-grains-arabica-guatemala-italcaffe-espresso-250g\/\"]}]},{\"@type\":\"ImageObject\",\"inLanguage\":\"fr-FR\",\"@id\":\"https:\/\/italcaffe.it\/fr\/shop\/cafe-grain\/arabica\/cafe-grains-arabica-guatemala-italcaffe-espresso-250g\/#primaryimage\",\"url\":\"https:\/\/italcaffe.it\/wp-content\/uploads\/2021\/12\/Guatemala250g.jpg\",\"contentUrl\":\"https:\/\/italcaffe.it\/wp-content\/uploads\/2021\/12\/Guatemala250g.jpg\",\"width\":825,\"height\":1000,\"caption\":\"Caf\u00e9 Grains Arabica Guatemala 250g Italcaff\u00e8 Espresso Pur Origine\"},{\"@type\":\"BreadcrumbList\",\"@id\":\"https:\/\/italcaffe.it\/fr\/shop\/cafe-grain\/arabica\/cafe-grains-arabica-guatemala-italcaffe-espresso-250g\/#breadcrumb\",\"itemListElement\":[{\"@type\":\"ListItem\",\"position\":1,\"name\":\"Home\",\"item\":\"https:\/\/italcaffe.it\/fr\/\"},{\"@type\":\"ListItem\",\"position\":2,\"name\":\"Shop\",\"item\":\"https:\/\/italcaffe.it\/fr\/shop\/\"},{\"@type\":\"ListItem\",\"position\":3,\"name\":\"Caf\u00e9 en Grains 100% Arabica Guatemala 250g Italcaff\u00e8 Espresso\"}]},{\"@type\":\"WebSite\",\"@id\":\"https:\/\/italcaffe.it\/fr\/#website\",\"url\":\"https:\/\/italcaffe.it\/fr\/\",\"name\":\"Italcaff\u00e8\",\"description\":\"50 Anni insieme\",\"potentialAction\":[{\"@type\":\"SearchAction\",\"target\":{\"@type\":\"EntryPoint\",\"urlTemplate\":\"https:\/\/italcaffe.it\/fr\/?s={search_term_string}\"},\"query-input\":{\"@type\":\"PropertyValueSpecification\",\"valueRequired\":true,\"valueName\":\"search_term_string\"}}],\"inLanguage\":\"fr-FR\"}]}<\/script>\n<!-- \/ Yoast SEO plugin. -->","yoast_head_json":{"title":"Caf\u00e9 Grains Arabica Guatemala 250g Italcaff\u00e8 Espresso Pur Origine","description":"Caf\u00e9 Grains Arabica Guatemala 100% Arabica Espresso pur origine au corps moyen et dont l\u2019acidit\u00e9 a des aromes li\u00e9s aux fruits frais. Expresso","robots":{"index":"index","follow":"follow","max-snippet":"max-snippet:-1","max-image-preview":"max-image-preview:large","max-video-preview":"max-video-preview:-1"},"canonical":"https:\/\/italcaffe.it\/fr\/shop\/cafe-grain\/arabica\/cafe-grains-arabica-guatemala-italcaffe-espresso-250g\/","og_locale":"fr_FR","og_type":"article","og_title":"Caf\u00e9 Grains Arabica Guatemala 250g Italcaff\u00e8 Espresso Pur Origine","og_description":"Caf\u00e9 Grains Arabica Guatemala 100% Arabica Espresso pur origine au corps moyen et dont l\u2019acidit\u00e9 a des aromes li\u00e9s aux fruits frais. Expresso","og_url":"https:\/\/italcaffe.it\/fr\/shop\/cafe-grain\/arabica\/cafe-grains-arabica-guatemala-italcaffe-espresso-250g\/","og_site_name":"Italcaff\u00e8","article_modified_time":"2022-06-30T07:46:41+00:00","og_image":[{"width":825,"height":1000,"url":"https:\/\/italcaffe.it\/wp-content\/uploads\/2021\/12\/Guatemala250g.jpg","type":"image\/jpeg"}],"twitter_card":"summary_large_image","twitter_misc":{"Dur\u00e9e de lecture estim\u00e9e":"2 minutes"},"schema":{"@context":"https:\/\/schema.org","@graph":[{"@type":"WebPage","@id":"https:\/\/italcaffe.it\/fr\/shop\/cafe-grain\/arabica\/cafe-grains-arabica-guatemala-italcaffe-espresso-250g\/","url":"https:\/\/italcaffe.it\/fr\/shop\/cafe-grain\/arabica\/cafe-grains-arabica-guatemala-italcaffe-espresso-250g\/","name":"Caf\u00e9 Grains Arabica Guatemala 250g Italcaff\u00e8 Espresso Pur Origine","isPartOf":{"@id":"https:\/\/italcaffe.it\/fr\/#website"},"primaryImageOfPage":{"@id":"https:\/\/italcaffe.it\/fr\/shop\/cafe-grain\/arabica\/cafe-grains-arabica-guatemala-italcaffe-espresso-250g\/#primaryimage"},"image":{"@id":"https:\/\/italcaffe.it\/fr\/shop\/cafe-grain\/arabica\/cafe-grains-arabica-guatemala-italcaffe-espresso-250g\/#primaryimage"},"thumbnailUrl":"https:\/\/italcaffe.it\/wp-content\/uploads\/2021\/12\/Guatemala250g.jpg","datePublished":"2020-02-26T14:50:14+00:00","dateModified":"2022-06-30T07:46:41+00:00","description":"Caf\u00e9 Grains Arabica Guatemala 100% Arabica Espresso pur origine au corps moyen et dont l\u2019acidit\u00e9 a des aromes li\u00e9s aux fruits frais. Expresso","breadcrumb":{"@id":"https:\/\/italcaffe.it\/fr\/shop\/cafe-grain\/arabica\/cafe-grains-arabica-guatemala-italcaffe-espresso-250g\/#breadcrumb"},"inLanguage":"fr-FR","potentialAction":[{"@type":"ReadAction","target":["https:\/\/italcaffe.it\/fr\/shop\/cafe-grain\/arabica\/cafe-grains-arabica-guatemala-italcaffe-espresso-250g\/"]}]},{"@type":"ImageObject","inLanguage":"fr-FR","@id":"https:\/\/italcaffe.it\/fr\/shop\/cafe-grain\/arabica\/cafe-grains-arabica-guatemala-italcaffe-espresso-250g\/#primaryimage","url":"https:\/\/italcaffe.it\/wp-content\/uploads\/2021\/12\/Guatemala250g.jpg","contentUrl":"https:\/\/italcaffe.it\/wp-content\/uploads\/2021\/12\/Guatemala250g.jpg","width":825,"height":1000,"caption":"Caf\u00e9 Grains Arabica Guatemala 250g Italcaff\u00e8 Espresso Pur Origine"},{"@type":"BreadcrumbList","@id":"https:\/\/italcaffe.it\/fr\/shop\/cafe-grain\/arabica\/cafe-grains-arabica-guatemala-italcaffe-espresso-250g\/#breadcrumb","itemListElement":[{"@type":"ListItem","position":1,"name":"Home","item":"https:\/\/italcaffe.it\/fr\/"},{"@type":"ListItem","position":2,"name":"Shop","item":"https:\/\/italcaffe.it\/fr\/shop\/"},{"@type":"ListItem","position":3,"name":"Caf\u00e9 en Grains 100% Arabica Guatemala 250g Italcaff\u00e8 Espresso"}]},{"@type":"WebSite","@id":"https:\/\/italcaffe.it\/fr\/#website","url":"https:\/\/italcaffe.it\/fr\/","name":"Italcaff\u00e8","description":"50 Anni insieme","potentialAction":[{"@type":"SearchAction","target":{"@type":"EntryPoint","urlTemplate":"https:\/\/italcaffe.it\/fr\/?s={search_term_string}"},"query-input":{"@type":"PropertyValueSpecification","valueRequired":true,"valueName":"search_term_string"}}],"inLanguage":"fr-FR"}]}},"_links":{"self":[{"href":"https:\/\/italcaffe.it\/fr\/wp-json\/wp\/v2\/product\/23309","targetHints":{"allow":["GET"]}}],"collection":[{"href":"https:\/\/italcaffe.it\/fr\/wp-json\/wp\/v2\/product"}],"about":[{"href":"https:\/\/italcaffe.it\/fr\/wp-json\/wp\/v2\/types\/product"}],"wp:featuredmedia":[{"embeddable":true,"href":"https:\/\/italcaffe.it\/fr\/wp-json\/wp\/v2\/media\/28617"}],"wp:attachment":[{"href":"https:\/\/italcaffe.it\/fr\/wp-json\/wp\/v2\/media?parent=23309"}],"wp:term":[{"taxonomy":"product_brand","embeddable":true,"href":"https:\/\/italcaffe.it\/fr\/wp-json\/wp\/v2\/product_brand?post=23309"},{"taxonomy":"product_cat","embeddable":true,"href":"https:\/\/italcaffe.it\/fr\/wp-json\/wp\/v2\/product_cat?post=23309"},{"taxonomy":"product_tag","embeddable":true,"href":"https:\/\/italcaffe.it\/fr\/wp-json\/wp\/v2\/product_tag?post=23309"}],"curies":[{"name":"wp","href":"https:\/\/api.w.org\/{rel}","templated":true}]}}